{"id":3,"date":"2023-07-17T17:50:29","date_gmt":"2023-07-17T17:50:29","guid":{"rendered":"https:\/\/aquelagencia.pt\/?page_id=3"},"modified":"2024-01-19T16:16:09","modified_gmt":"2024-01-19T16:16:09","slug":"politica-privacidade","status":"publish","type":"page","link":"https:\/\/aquelagencia.pt\/en\/politica-privacidade\/","title":{"rendered":"Privacy Policy"},"content":{"rendered":"<div class=\"vc_row wpb_row vc_row-fluid\"><div class=\"wpb_column vc_column_container vc_col-sm-12\"><div class=\"vc_column-inner\"><div class=\"wpb_wrapper\"><h2 class=\"big-title\"><\/p>\n<p>Privacy Policy<\/p>\n<p><\/h2><\/div><\/div><\/div><\/div><div class=\"vc_row wpb_row vc_row-fluid\"><div class=\"wpb_column vc_column_container vc_col-sm-12\"><div class=\"vc_column-inner\"><div class=\"wpb_wrapper\">\n\t<div class=\"wpb_text_column wpb_content_element\" >\n\t\t<div class=\"wpb_wrapper\">\n\t\t\t<p>A Aquela Ag\u00eancia \u00e9 uma marca criada pela profissional independente Ana Raquel Lopes da Silva, identificada pelo NIF 242181066. Especializada em servi\u00e7os de comunica\u00e7\u00e3o, design gr\u00e1fico, web design, programa\u00e7\u00e3o, gest\u00e3o de redes sociais, email marketing, v\u00eddeo e fotografia, a Aquela Ag\u00eancia disponibiliza o website www.aquelagencia.pt aos seus utilizadores.<\/p>\n<p>Comprometida com a prote\u00e7\u00e3o da privacidade dos utilizadores do website, a Aquela Ag\u00eancia elaborou a presente Pol\u00edtica de Privacidade para comunicar o seu compromisso e respeito pelas regras de privacidade e prote\u00e7\u00e3o de dados pessoais, em conformidade com a legisla\u00e7\u00e3o aplic\u00e1vel.<\/p>\n\n\t\t<\/div>\n\t<\/div>\n<h3><\/p>\n<p>\u00c2MBITO DE APLICA\u00c7\u00c3O<\/p>\n<p><\/h3>\n\t<div class=\"wpb_text_column wpb_content_element\" >\n\t\t<div class=\"wpb_wrapper\">\n\t\t\t<p>Esta Pol\u00edtica de Privacidade aplica-se exclusivamente \u00e0 recolha e tratamento de dados pessoais efetuados pela Aquela Ag\u00eancia para efeitos informativos, facilitando a utiliza\u00e7\u00e3o expedita e sem transtornos do website.<\/p>\n\n\t\t<\/div>\n\t<\/div>\n<h3><\/p>\n<p>DADOS PESSOAIS<\/p>\n<p><\/h3>\n\t<div class=\"wpb_text_column wpb_content_element\" >\n\t\t<div class=\"wpb_wrapper\">\n\t\t\t<p>Entende-se por dados pessoais qualquer informa\u00e7\u00e3o, de qualquer natureza e suporte, incluindo som e imagem, relativa a uma pessoa singular identificada ou identific\u00e1vel.<\/p>\n<p>Considera-se identific\u00e1vel uma pessoa que possa ser identificada, direta ou indiretamente, por refer\u00eancia a um n\u00famero de identifica\u00e7\u00e3o ou a um ou mais elementos espec\u00edficos da sua identidade f\u00edsica, fisiol\u00f3gica, ps\u00edquica, econ\u00f3mica, cultural ou social.<\/p>\n\n\t\t<\/div>\n\t<\/div>\n<h3><\/p>\n<p>RESPONS\u00c1VEL PELO TRATAMENTO<\/p>\n<p><\/h3>\n\t<div class=\"wpb_text_column wpb_content_element\" >\n\t\t<div class=\"wpb_wrapper\">\n\t\t\t<p>A Aquela Ag\u00eancia \u00e9 a entidade respons\u00e1vel pela recolha e tratamento dos dados pessoais dos utilizadores, decidindo as categorias de dados recolhidos, o tratamento dos mesmos e as finalidades para as quais s\u00e3o utilizados.<\/p>\n\n\t\t<\/div>\n\t<\/div>\n<h3><\/p>\n<p>TIPO DE DADOS RECOLHIDOS<\/p>\n<p><\/h3>\n\t<div class=\"wpb_text_column wpb_content_element\" >\n\t\t<div class=\"wpb_wrapper\">\n\t\t\t<p>A Aquela Ag\u00eancia poder\u00e1 recolher os seguintes dados: (a) nome, (b) email, (c) telefone e (IP). A recolha ocorre apenas ap\u00f3s obten\u00e7\u00e3o do consentimento do utilizador, sendo os dados tratados em conformidade com a legisla\u00e7\u00e3o. Os dados s\u00e3o armazenados em bases de dados seguras e protegidas e nunca s\u00e3o utilizados para fins diferentes daqueles para os quais foi obtido o consentimento.<\/p>\n\n\t\t<\/div>\n\t<\/div>\n<h3><\/p>\n<p>COOKIES<\/p>\n<p><\/h3>\n\t<div class=\"wpb_text_column wpb_content_element\" >\n\t\t<div class=\"wpb_wrapper\">\n\t\t\t<p>&#8220;Cookies&#8221; s\u00e3o pequenos peda\u00e7os de informa\u00e7\u00f5es que podem ajudar a identificar o seu browser e armazenar informa\u00e7\u00f5es, como configura\u00e7\u00f5es e prefer\u00eancias do utilizador.<\/p>\n<p>Poder\u00e3o ser armazenados \u201ccookies\u201d no seu dispositivo para personalizar e facilitar a navega\u00e7\u00e3o do utilizador. Esses cookies n\u00e3o fornecem refer\u00eancias ou dados pessoais do utilizador, sendo utilizados para solu\u00e7\u00e3o de problemas, estat\u00edsticas, garantia de qualidade e monitoramento da seguran\u00e7a do sistema.<\/p>\n<p>Exceto os \u201ccookies\u201d necess\u00e1rios ao desempenho do website, o armazenamento de outros \u201ccookies\u201d depender\u00e1 sempre da aceita\u00e7\u00e3o e consentimento do utilizador, podendo esse consentimento ser retirado a todo o tempo atrav\u00e9s de ferramentas espec\u00edficas do browser.<\/p>\n<p>O Utilizador pode configurar o seu navegador para notificar e rejeitar a instala\u00e7\u00e3o de \u201ccookies\u201d, reconhecendo que tal comportamento pode afetar o normal funcionamento do website. O website utiliza o servi\u00e7o Google Analytics, cujos cookies e pol\u00edtica de privacidade podem ser consultados em: https:\/\/developers.google.com\/analytics\/devguides\/collection\/analyticsjs\/cookie-usage#gajs e https:\/\/www.google.com\/intl\/pt-PT\/policies\/.<\/p>\n\n\t\t<\/div>\n\t<\/div>\n<h3><\/p>\n<p>FINALIDADES DO TRATAMENTO<\/p>\n<p><\/h3>\n\t<div class=\"wpb_text_column wpb_content_element\" >\n\t\t<div class=\"wpb_wrapper\">\n\t\t\t<p>Os dados pessoais recolhidos destinam-se \u00e0 gest\u00e3o das rela\u00e7\u00f5es comerciais com os utilizadores, incluindo a\u00e7\u00f5es de informa\u00e7\u00e3o e marketing dos servi\u00e7os da Aquela Ag\u00eancia.<\/p>\n\n\t\t<\/div>\n\t<\/div>\n<h3><\/p>\n<p>TEMPO DE ARMAZENAMENTO<\/p>\n<p><\/h3>\n\t<div class=\"wpb_text_column wpb_content_element\" >\n\t\t<div class=\"wpb_wrapper\">\n\t\t\t<p>A Aquela Ag\u00eancia armazena e conserva os dados pelo per\u00edodo m\u00e1ximo de 2 (dois) anos, ap\u00f3s o qual ser\u00e3o eliminados.<\/p>\n\n\t\t<\/div>\n\t<\/div>\n<h3><\/p>\n<p>RETIFICA\u00c7\u00c3O<\/p>\n<p><\/h3>\n\t<div class=\"wpb_text_column wpb_content_element\" >\n\t\t<div class=\"wpb_wrapper\">\n\t\t\t<p>O utilizador pode retificar, eliminar, atualizar e\/ou modificar os seus dados a qualquer momento, utilizando o endere\u00e7o de correio eletr\u00f3nico geral@aquelagencia.pt para solicitar essa retifica\u00e7\u00e3o, atualiza\u00e7\u00e3o e\/ou modifica\u00e7\u00e3o, que ser\u00e1 comunicada por correio eletr\u00f3nico assim que for efetuada.<\/p>\n\n\t\t<\/div>\n\t<\/div>\n<h3><\/p>\n<p>DIREITO DE ACESSO<\/p>\n<p><\/h3>\n\t<div class=\"wpb_text_column wpb_content_element\" >\n\t\t<div class=\"wpb_wrapper\">\n\t\t\t<p>A Lei de Prote\u00e7\u00e3o de Dados garante ao utilizador o direito de acesso aos seus dados pessoais, a todo o tempo, bem como o direito de oposi\u00e7\u00e3o \u00e0 utiliza\u00e7\u00e3o dos dados facultados. Para exercer estes direitos, deve enviar um pedido por escrito para o endere\u00e7o de correio eletr\u00f3nico geral@aquelagencia.pt.<\/p>\n\n\t\t<\/div>\n\t<\/div>\n<h3><\/p>\n<p>MEDIDAS DE SEGURAN\u00c7A<\/p>\n<p><\/h3>\n\t<div class=\"wpb_text_column wpb_content_element\" >\n\t\t<div class=\"wpb_wrapper\">\n\t\t\t<p>A Aquela Ag\u00eancia adota diversas medidas de seguran\u00e7a, de car\u00e1ter t\u00e9cnico e organizativo, para prote\u00e7\u00e3o dos dados pessoais contra difus\u00e3o, perda, uso indevido, altera\u00e7\u00e3o, tratamento ou acesso n\u00e3o autorizado, assim como contra qualquer outra forma de tratamento il\u00edcito.<\/p>\n\n\t\t<\/div>\n\t<\/div>\n<h3><\/p>\n<p>COMUNICA\u00c7\u00c3O A TERCEIROS<\/p>\n<p><\/h3>\n\t<div class=\"wpb_text_column wpb_content_element\" >\n\t\t<div class=\"wpb_wrapper\">\n\t\t\t<p>A Aquela Ag\u00eancia n\u00e3o ceder\u00e1 os seus dados a outras entidades sem o consentimento pr\u00e9vio e expresso do utilizador. Poder\u00e1, contudo, transmitir dados a terceiros no \u00e2mbito de investiga\u00e7\u00f5es, inqu\u00e9ritos e processos judiciais ou administrativos, desde que devidamente ordenado por ordem judicial nesse sentido.<\/p>\n\n\t\t<\/div>\n\t<\/div>\n<h3><\/p>\n<p>ALTERA\u00c7\u00d5ES \u00c0 POL\u00cdTICA DE PRIVACIDADE<\/p>\n<p><\/h3>\n\t<div class=\"wpb_text_column wpb_content_element\" >\n\t\t<div class=\"wpb_wrapper\">\n\t\t\t<p>A Aquela Ag\u00eancia reserva-se no direito de reajustar ou alterar a presente Pol\u00edtica de Privacidade, a qualquer momento, sendo essas altera\u00e7\u00f5es publicitadas.<\/p>\n\n\t\t<\/div>\n\t<\/div>\n<h3><\/p>\n<p>O UTILIZADOR DECLARA TER LIDO E ENTENDIDO A PRESENTE POL\u00cdTICA, CONSENTINDO NO TRATAMENTO DOS SEUS DADOS CONFORME EXPOSTO.<\/p>\n<p><\/h3><\/div><\/div><\/div><\/div>","protected":false},"excerpt":{"rendered":"Pol\u00edtica de Privacidade A Aquela Ag\u00eancia \u00e9 uma marca criada pela profissional independente Ana Raquel Lopes da Silva, identificada pelo NIF 242181066. Especializada em servi\u00e7os de comunica\u00e7\u00e3o, design gr\u00e1fico, web design, programa\u00e7\u00e3o, gest\u00e3o de redes sociais, email marketing, v\u00eddeo e fotografia, a Aquela Ag\u00eancia disponibiliza o website www.aquelagencia.pt aos seus utilizadores. Comprometida com a prote\u00e7\u00e3o [...]","protected":false},"author":1,"featured_media":0,"parent":0,"menu_order":0,"comment_status":"closed","ping_status":"open","template":"","meta":{"_monsterinsights_skip_tracking":false,"_monsterinsights_sitenote_active":false,"_monsterinsights_sitenote_note":"","_monsterinsights_sitenote_category":0,"_uf_show_specific_survey":0,"_uf_disable_surveys":false,"footnotes":""},"class_list":["post-3","page","type-page","status-publish","hentry"],"aioseo_notices":[],"_links":{"self":[{"href":"https:\/\/aquelagencia.pt\/en\/wp-json\/wp\/v2\/pages\/3","targetHints":{"allow":["GET"]}}],"collection":[{"href":"https:\/\/aquelagencia.pt\/en\/wp-json\/wp\/v2\/pages"}],"about":[{"href":"https:\/\/aquelagencia.pt\/en\/wp-json\/wp\/v2\/types\/page"}],"author":[{"embeddable":true,"href":"https:\/\/aquelagencia.pt\/en\/wp-json\/wp\/v2\/users\/1"}],"replies":[{"embeddable":true,"href":"https:\/\/aquelagencia.pt\/en\/wp-json\/wp\/v2\/comments?post=3"}],"version-history":[{"count":4,"href":"https:\/\/aquelagencia.pt\/en\/wp-json\/wp\/v2\/pages\/3\/revisions"}],"predecessor-version":[{"id":666,"href":"https:\/\/aquelagencia.pt\/en\/wp-json\/wp\/v2\/pages\/3\/revisions\/666"}],"wp:attachment":[{"href":"https:\/\/aquelagencia.pt\/en\/wp-json\/wp\/v2\/media?parent=3"}],"curies":[{"name":"wp","href":"https:\/\/api.w.org\/{rel}","templated":true}]}}